{"id":11100,"date":"2023-02-22T17:02:20","date_gmt":"2023-02-22T22:02:20","guid":{"rendered":"https:\/\/atlasveterans.ca\/?page_id=11100"},"modified":"2025-10-29T09:48:52","modified_gmt":"2025-10-29T13:48:52","slug":"serie-de-dialogues-sur-le-cannabis-et-la-sante-mentale-reflexions-sur-lexperience-des-veterans-et-de-leur-famille-en-relation-avec-le-cannabis-et-la-sante-mentale","status":"publish","type":"page","link":"https:\/\/atlasveterans.ca\/fr\/centre-de-connaissances\/serie-de-dialogues-sur-le-cannabis-et-la-sante-mentale-reflexions-sur-lexperience-des-veterans-et-de-leur-famille-en-relation-avec-le-cannabis-et-la-sante-mentale\/","title":{"rendered":"S\u00e9rie de dialogues sur le cannabis et la sant\u00e9 mentale : R\u00e9flexions sur l\u2019exp\u00e9rience des v\u00e9t\u00e9rans et de leur famille en relation avec le cannabis et la sant\u00e9 mentale"},"content":{"rendered":"<div class=\"wpb-content-wrapper\"><p>[vc_row row_padding_top=\u00a0\u00bbregular\u00a0\u00bb row_padding_bottom=\u00a0\u00bbextraSmall\u00a0\u00bb full_width=\u00a0\u00bbstretch_row\u00a0\u00bb][vc_column][vc_column_text]Pour en savoir plus sur les exp\u00e9riences de la communaut\u00e9 des v\u00e9t\u00e9rans en mati\u00e8re de cannabis et de sant\u00e9 mentale, l\u2019Institut\u00a0Atlas, en partenariat avec la <a href=\"https:\/\/commissionsantementale.ca\/\">Commission de la sant\u00e9 mentale du Canada (CSMC),<\/a> a organis\u00e9 une s\u00e9rie de dialogues virtuels explorant les priorit\u00e9s de recherche et les besoins en mati\u00e8re de connaissances sur la sant\u00e9 mentale et le cannabis chez les v\u00e9t\u00e9rans et leur famille.<\/p>\n<p>Notre rapport sommaire final et notre r\u00e9sum\u00e9 donnent un aper\u00e7u des s\u00e9ances de dialogue et de ce qui nous a \u00e9t\u00e9 communiqu\u00e9, y compris des id\u00e9es, des exp\u00e9riences et des recommandations.[\/vc_column_text]<a href=\"https:\/\/atlasveterans.ca\/documents\/cannabis-dialogue-series-summary-fr.pdf\" target=\"_blank\" class=\"resourceItem resourceItem--simple resourceItem--report  wpb_content_element\"><div class=\"resourceItem__inner\"><h3 class=\"h4 resourceItem__title\">R\u00e9flexions sur l\u2019exp\u00e9rience des v\u00e9t\u00e9rans et de leur famille en relation avec le cannabis et la sant\u00e9 mentale : rapport sommaire<\/h3><\/div><\/a><a href=\"https:\/\/atlasveterans.ca\/documents\/cannabis-dialogue-series-key-takeaways-fr.pdf\" target=\"_blank\" class=\"resourceItem resourceItem--simple resourceItem--report  wpb_content_element\"><div class=\"resourceItem__inner\"><h3 class=\"h4 resourceItem__title\">R\u00e9flexions sur l\u2019exp\u00e9rience des v\u00e9t\u00e9rans et de leur famille en relation avec le cannabis et la sant\u00e9 mentale : sommaire<\/h3><\/div><\/a>[vc_column_text]La CSMC et l\u2019Institut\u00a0Atlas ont organis\u00e9 un webinaire le 29\u00a0novembre\u00a02022 pour faire part des points saillants du rapport et participer \u00e0 une table ronde avec les participants \u00e0 la s\u00e9ance de dialogue. <a href=\"https:\/\/commissionsantementale.ca\/resource\/lexperience-des-veterans-en-matiere-de-cannabis-et-de-sante-mentale\/\">Vous pouvez regarder le webinaire ici<\/a>.[\/vc_column_text][\/vc_column][\/vc_row][vc_row row_padding_top=\u00a0\u00bbextraSmall\u00a0\u00bb row_padding_bottom=\u00a0\u00bbextraSmall\u00a0\u00bb][vc_column][vc_column_text css=\u00a0\u00bb\u00a0\u00bb]<\/p>\n<h2 class=\"text--lowercase\">Gen\u00e8se du rapport<\/h2>\n<p>L\u2019Institut\u00a0Atlas, en partenariat avec la CSMC, a tenu une s\u00e9rie de dialogues entre mai et juin\u00a02022. Ces s\u00e9ances ont permis aux v\u00e9t\u00e9rans, aux membres de leur famille, aux fournisseurs de services et aux chercheurs de discuter de leurs exp\u00e9riences et de leurs points de vue sur le cannabis et la sant\u00e9 mentale. Les discussions de cette s\u00e9rie de dialogues visaient \u00e0 d\u00e9terminer les priorit\u00e9s de recherche et les besoins en mati\u00e8re de connaissances au sein de la communaut\u00e9 des v\u00e9t\u00e9rans.[\/vc_column_text][\/vc_column][\/vc_row][vc_row row_padding_top=\u00a0\u00bbsmall\u00a0\u00bb row_padding_bottom=\u00a0\u00bbsmall\u00a0\u00bb full_width=\u00a0\u00bbstretch_row\u00a0\u00bb el_class=\u00a0\u00bbelement&#8211;textCenter element&#8211;tanBG\u00a0\u00bb][vc_column][vc_column_text css=\u00a0\u00bb.vc_custom_1761745698343{padding-bottom: 1vh !important;}\u00a0\u00bb]<\/p>\n<h2 class=\"text--lowercase\">En quoi le rapport est-il important?<\/h2>\n<p>[\/vc_column_text][vc_column_text css=\u00a0\u00bb.vc_custom_1677020075408{padding-bottom: 1vh !important;}\u00a0\u00bb]<\/p>\n<p style=\"text-align: left;\">Peu de recherches explorent la relation entre le cannabis et la sant\u00e9 mentale chez les v\u00e9t\u00e9rans au Canada. Les v\u00e9t\u00e9rans et les membres de leur famille nous ont dit qu\u2019il s\u2019agit d\u2019un sujet d\u2019int\u00e9r\u00eat important et qu\u2019ils souhaitent davantage de recherche et de ressources d\u2019information afin de pouvoir \u00eatre inform\u00e9s dans leur prise de d\u00e9cisions concernant la consommation de cannabis \u00e0 des fins th\u00e9rapeutiques.<\/p>\n<p style=\"text-align: left;\">Ces s\u00e9ances de dialogue et les rapports qui en d\u00e9coulent visent \u00e0 amorcer une conversation importante sur le cannabis et la sant\u00e9 mentale au sein de la communaut\u00e9 des v\u00e9t\u00e9rans et \u00e0 faire un pas en avant pour combler les lacunes en mati\u00e8re de recherche et de connaissances.<\/p>\n<p>[\/vc_column_text][\/vc_column][\/vc_row][vc_row row_padding_top=\u00a0\u00bbsmall\u00a0\u00bb row_padding_bottom=\u00a0\u00bbregular\u00a0\u00bb][vc_column][vc_column_text css=\u00a0\u00bb\u00a0\u00bb]<\/p>\n<h2 class=\"text--lowercase\">Que comprend-il?<\/h2>\n<p>Le rapport final contient des renseignements g\u00e9n\u00e9raux sur la fa\u00e7on dont les s\u00e9ances de dialogue ont vu le jour, ainsi que les \u00e9l\u00e9ments suivants\u00a0:<\/p>\n<ul>\n<li>R\u00e9sum\u00e9 de ce que nous avons entendu tout au long de la s\u00e9rie de discussions<\/li>\n<li>R\u00e9sum\u00e9 de chacune des quatre s\u00e9ances avec les v\u00e9t\u00e9rans, les membres de leur famille, les fournisseurs de services et les chercheurs<\/li>\n<li>Facteurs \u00e0 consid\u00e9rer pour combler les lacunes en mati\u00e8re de recherche et de connaissances<\/li>\n<\/ul>\n<h2 class=\"text--lowercase\">Points \u00e0 retenir<\/h2>\n<p>Au cours des s\u00e9ances de dialogue, nous avons entendu que, bien que le cannabis puisse avoir un grand potentiel comme outil pour g\u00e9rer les probl\u00e8mes de sant\u00e9 mentale, il faut plus de recherche, de ressources et de conseils pour les v\u00e9t\u00e9rans, les membres de la famille d\u2019un v\u00e9t\u00e9ran et les fournisseurs de services afin d\u2019informer et de soutenir ad\u00e9quatement la communaut\u00e9 des v\u00e9t\u00e9rans.<\/p>\n<p>Les v\u00e9t\u00e9rans et leur famille ont soulign\u00e9 l\u2019importance de participer \u00e0 la recherche et de r\u00e9pondre aux besoins en mati\u00e8re de connaissances sur ce sujet. Si cette s\u00e9rie de dialogues virtuels a permis de mettre en lumi\u00e8re certaines priorit\u00e9s, il reste encore beaucoup \u00e0 faire. Nous encourageons les gouvernements, les d\u00e9cideurs et les organismes de financement \u00e0 prendre note des priorit\u00e9s soulev\u00e9es dans ce rapport. De plus, nous esp\u00e9rons que ce qui a \u00e9t\u00e9 g\u00e9n\u00e9reusement racont\u00e9 inspirera encore plus de recherches et de ressources sur le cannabis et sa relation avec la sant\u00e9 mentale pour l\u2019ensemble de la communaut\u00e9 des v\u00e9t\u00e9rans et de leur famille.<\/p>\n<p>L\u2019Institut\u00a0Atlas s\u2019est engag\u00e9 \u00e0 aider les v\u00e9t\u00e9rans et leur famille \u00e0 acc\u00e9der \u00e0 l\u2019information dont ils ont besoin, et il \u00e9laborera des ressources d\u2019information visant \u00e0 r\u00e9pondre \u00e0 certains des besoins de connaissances exprim\u00e9s au cours des s\u00e9ances de dialogue.[\/vc_column_text][\/vc_column][\/vc_row]<\/p>\n<\/div>","protected":false},"excerpt":{"rendered":"<p>[vc_row row_padding_top=\u00a0\u00bbregular\u00a0\u00bb row_padding_bottom=\u00a0\u00bbextraSmall\u00a0\u00bb full_width=\u00a0\u00bbstretch_row\u00a0\u00bb][vc_column][vc_column_text]Pour en savoir plus sur les exp\u00e9riences de la communaut\u00e9 des v\u00e9t\u00e9rans en mati\u00e8re de cannabis et de sant\u00e9 mentale, l\u2019Institut\u00a0Atlas, en partenariat avec la Commission de la sant\u00e9 mentale du Canada (CSMC), a organis\u00e9 une s\u00e9rie de dialogues virtuels explorant les priorit\u00e9s de recherche et les besoins en mati\u00e8re de connaissances&#8230;<\/p>\n","protected":false},"author":3,"featured_media":2290,"parent":1764,"menu_order":38,"comment_status":"closed","ping_status":"closed","template":"","meta":{"_acf_changed":false,"inline_featured_image":false,"footnotes":""},"categories":[],"tags":[],"class_list":["post-11100","page","type-page","status-publish","has-post-thumbnail","hentry","knowledge_area-cannabis","knowledge_area-families-and-friends-fr","knowledge_area-sante-mentale","knowledge_group-chercheurs","knowledge_group-service-providers-fr","knowledge_group-membres-de-famille","knowledge_group-veterans-fr"],"acf":[],"yoast_head":"<!-- This site is optimized with the Yoast SEO plugin v27.3 - https:\/\/yoast.com\/product\/yoast-seo-wordpress\/ -->\n<title>S\u00e9rie de dialogues sur le cannabis et la sant\u00e9 mentale : R\u00e9flexions sur l\u2019exp\u00e9rience des v\u00e9t\u00e9rans et de leur famille en relation avec le cannabis et la sant\u00e9 mentale &#183; Institut Atlas pour les v\u00e9t\u00e9rans et leur famille<\/title>\n<meta name=\"robots\" content=\"index, follow, max-snippet:-1, max-image-preview:large, max-video-preview:-1\" \/>\n<link rel=\"canonical\" href=\"https:\/\/atlasveterans.ca\/fr\/centre-de-connaissances\/serie-de-dialogues-sur-le-cannabis-et-la-sante-mentale-reflexions-sur-lexperience-des-veterans-et-de-leur-famille-en-relation-avec-le-cannabis-et-la-sante-mentale\/\" \/>\n<meta property=\"og:locale\" content=\"fr_FR\" \/>\n<meta property=\"og:type\" content=\"article\" \/>\n<meta property=\"og:title\" content=\"S\u00e9rie de dialogues sur le cannabis et la sant\u00e9 mentale : R\u00e9flexions sur l\u2019exp\u00e9rience des v\u00e9t\u00e9rans et de leur famille en relation avec le cannabis et la sant\u00e9 mentale &#183; Institut Atlas pour les v\u00e9t\u00e9rans et leur famille\" \/>\n<meta property=\"og:description\" content=\"[vc_row row_padding_top=\u00a0\u00bbregular\u00a0\u00bb row_padding_bottom=\u00a0\u00bbextraSmall\u00a0\u00bb full_width=\u00a0\u00bbstretch_row\u00a0\u00bb][vc_column][vc_column_text]Pour en savoir plus sur les exp\u00e9riences de la communaut\u00e9 des v\u00e9t\u00e9rans en mati\u00e8re de cannabis et de sant\u00e9 mentale, l\u2019Institut\u00a0Atlas, en partenariat avec la Commission de la sant\u00e9 mentale du Canada (CSMC), a organis\u00e9 une s\u00e9rie de dialogues virtuels explorant les priorit\u00e9s de recherche et les besoins en mati\u00e8re de connaissances...\" \/>\n<meta property=\"og:url\" content=\"https:\/\/atlasveterans.ca\/fr\/centre-de-connaissances\/serie-de-dialogues-sur-le-cannabis-et-la-sante-mentale-reflexions-sur-lexperience-des-veterans-et-de-leur-famille-en-relation-avec-le-cannabis-et-la-sante-mentale\/\" \/>\n<meta property=\"og:site_name\" content=\"Institut Atlas pour les v\u00e9t\u00e9rans et leur famille\" \/>\n<meta property=\"article:publisher\" content=\"https:\/\/www.facebook.com\/atlasveteransca\" \/>\n<meta property=\"article:modified_time\" content=\"2025-10-29T13:48:52+00:00\" \/>\n<meta property=\"og:image\" content=\"https:\/\/atlasveterans.ca\/wp-content\/uploads\/2022\/03\/atlas-hero-generic.jpg\" \/>\n\t<meta property=\"og:image:width\" content=\"1600\" \/>\n\t<meta property=\"og:image:height\" content=\"345\" \/>\n\t<meta property=\"og:image:type\" content=\"image\/jpeg\" \/>\n<meta name=\"twitter:card\" content=\"summary_large_image\" \/>\n<meta name=\"twitter:site\" content=\"@atlasveteransca\" \/>\n<meta name=\"twitter:label1\" content=\"Dur\u00e9e de lecture estim\u00e9e\" \/>\n\t<meta name=\"twitter:data1\" content=\"4 minutes\" \/>\n<script type=\"application\/ld+json\" class=\"yoast-schema-graph\">{\"@context\":\"https:\\\/\\\/schema.org\",\"@graph\":[{\"@type\":\"WebPage\",\"@id\":\"https:\\\/\\\/atlasveterans.ca\\\/fr\\\/centre-de-connaissances\\\/serie-de-dialogues-sur-le-cannabis-et-la-sante-mentale-reflexions-sur-lexperience-des-veterans-et-de-leur-famille-en-relation-avec-le-cannabis-et-la-sante-mentale\\\/\",\"url\":\"https:\\\/\\\/atlasveterans.ca\\\/fr\\\/centre-de-connaissances\\\/serie-de-dialogues-sur-le-cannabis-et-la-sante-mentale-reflexions-sur-lexperience-des-veterans-et-de-leur-famille-en-relation-avec-le-cannabis-et-la-sante-mentale\\\/\",\"name\":\"S\u00e9rie de dialogues sur le cannabis et la sant\u00e9 mentale : R\u00e9flexions sur l\u2019exp\u00e9rience des v\u00e9t\u00e9rans et de leur famille en relation avec le cannabis et la sant\u00e9 mentale &#183; Institut Atlas pour les v\u00e9t\u00e9rans et leur famille\",\"isPartOf\":{\"@id\":\"https:\\\/\\\/atlasveterans.ca\\\/fr\\\/#website\"},\"primaryImageOfPage\":{\"@id\":\"https:\\\/\\\/atlasveterans.ca\\\/fr\\\/centre-de-connaissances\\\/serie-de-dialogues-sur-le-cannabis-et-la-sante-mentale-reflexions-sur-lexperience-des-veterans-et-de-leur-famille-en-relation-avec-le-cannabis-et-la-sante-mentale\\\/#primaryimage\"},\"image\":{\"@id\":\"https:\\\/\\\/atlasveterans.ca\\\/fr\\\/centre-de-connaissances\\\/serie-de-dialogues-sur-le-cannabis-et-la-sante-mentale-reflexions-sur-lexperience-des-veterans-et-de-leur-famille-en-relation-avec-le-cannabis-et-la-sante-mentale\\\/#primaryimage\"},\"thumbnailUrl\":\"https:\\\/\\\/atlasveterans.ca\\\/wp-content\\\/uploads\\\/2022\\\/03\\\/atlas-hero-generic.jpg\",\"datePublished\":\"2023-02-22T22:02:20+00:00\",\"dateModified\":\"2025-10-29T13:48:52+00:00\",\"breadcrumb\":{\"@id\":\"https:\\\/\\\/atlasveterans.ca\\\/fr\\\/centre-de-connaissances\\\/serie-de-dialogues-sur-le-cannabis-et-la-sante-mentale-reflexions-sur-lexperience-des-veterans-et-de-leur-famille-en-relation-avec-le-cannabis-et-la-sante-mentale\\\/#breadcrumb\"},\"inLanguage\":\"fr-FR\",\"potentialAction\":[{\"@type\":\"ReadAction\",\"target\":[\"https:\\\/\\\/atlasveterans.ca\\\/fr\\\/centre-de-connaissances\\\/serie-de-dialogues-sur-le-cannabis-et-la-sante-mentale-reflexions-sur-lexperience-des-veterans-et-de-leur-famille-en-relation-avec-le-cannabis-et-la-sante-mentale\\\/\"]}]},{\"@type\":\"ImageObject\",\"inLanguage\":\"fr-FR\",\"@id\":\"https:\\\/\\\/atlasveterans.ca\\\/fr\\\/centre-de-connaissances\\\/serie-de-dialogues-sur-le-cannabis-et-la-sante-mentale-reflexions-sur-lexperience-des-veterans-et-de-leur-famille-en-relation-avec-le-cannabis-et-la-sante-mentale\\\/#primaryimage\",\"url\":\"https:\\\/\\\/atlasveterans.ca\\\/wp-content\\\/uploads\\\/2022\\\/03\\\/atlas-hero-generic.jpg\",\"contentUrl\":\"https:\\\/\\\/atlasveterans.ca\\\/wp-content\\\/uploads\\\/2022\\\/03\\\/atlas-hero-generic.jpg\",\"width\":1600,\"height\":345},{\"@type\":\"BreadcrumbList\",\"@id\":\"https:\\\/\\\/atlasveterans.ca\\\/fr\\\/centre-de-connaissances\\\/serie-de-dialogues-sur-le-cannabis-et-la-sante-mentale-reflexions-sur-lexperience-des-veterans-et-de-leur-famille-en-relation-avec-le-cannabis-et-la-sante-mentale\\\/#breadcrumb\",\"itemListElement\":[{\"@type\":\"ListItem\",\"position\":1,\"name\":\"Institut Atlas pour les v\u00e9t\u00e9rans et leur famille\",\"item\":\"https:\\\/\\\/atlasveterans.ca\\\/fr\\\/\"},{\"@type\":\"ListItem\",\"position\":2,\"name\":\"Centre de connaissances\",\"item\":\"https:\\\/\\\/atlasveterans.ca\\\/fr\\\/centre-de-connaissances\\\/\"},{\"@type\":\"ListItem\",\"position\":3,\"name\":\"S\u00e9rie de dialogues sur le cannabis et la sant\u00e9 mentale : R\u00e9flexions sur l\u2019exp\u00e9rience des v\u00e9t\u00e9rans et de leur famille en relation avec le cannabis et la sant\u00e9 mentale\"}]},{\"@type\":\"WebSite\",\"@id\":\"https:\\\/\\\/atlasveterans.ca\\\/fr\\\/#website\",\"url\":\"https:\\\/\\\/atlasveterans.ca\\\/fr\\\/\",\"name\":\"Institut Atlas pour les v\u00e9t\u00e9rans et leur famille\",\"description\":\"Get resources, find support\",\"publisher\":{\"@id\":\"https:\\\/\\\/atlasveterans.ca\\\/fr\\\/#organization\"},\"potentialAction\":[{\"@type\":\"SearchAction\",\"target\":{\"@type\":\"EntryPoint\",\"urlTemplate\":\"https:\\\/\\\/atlasveterans.ca\\\/fr\\\/?s={search_term_string}\"},\"query-input\":{\"@type\":\"PropertyValueSpecification\",\"valueRequired\":true,\"valueName\":\"search_term_string\"}}],\"inLanguage\":\"fr-FR\"},{\"@type\":\"Organization\",\"@id\":\"https:\\\/\\\/atlasveterans.ca\\\/fr\\\/#organization\",\"name\":\"Atlas Institute For Veterans and Families\",\"url\":\"https:\\\/\\\/atlasveterans.ca\\\/fr\\\/\",\"logo\":{\"@type\":\"ImageObject\",\"inLanguage\":\"fr-FR\",\"@id\":\"https:\\\/\\\/atlasveterans.ca\\\/fr\\\/#\\\/schema\\\/logo\\\/image\\\/\",\"url\":\"https:\\\/\\\/atlasveterans.ca\\\/wp-content\\\/uploads\\\/2022\\\/03\\\/logo-withbg-eng-1.jpg\",\"contentUrl\":\"https:\\\/\\\/atlasveterans.ca\\\/wp-content\\\/uploads\\\/2022\\\/03\\\/logo-withbg-eng-1.jpg\",\"width\":800,\"height\":400,\"caption\":\"Atlas Institute For Veterans and Families\"},\"image\":{\"@id\":\"https:\\\/\\\/atlasveterans.ca\\\/fr\\\/#\\\/schema\\\/logo\\\/image\\\/\"},\"sameAs\":[\"https:\\\/\\\/www.facebook.com\\\/atlasveteransca\",\"https:\\\/\\\/x.com\\\/atlasveteransca\",\"https:\\\/\\\/www.instagram.com\\\/atlasveteransca\\\/\",\"https:\\\/\\\/www.linkedin.com\\\/company\\\/atlasveteransca\\\/\",\"https:\\\/\\\/www.youtube.com\\\/atlasveteransca\"]}]}<\/script>\n<!-- \/ Yoast SEO plugin. -->","yoast_head_json":{"title":"S\u00e9rie de dialogues sur le cannabis et la sant\u00e9 mentale : R\u00e9flexions sur l\u2019exp\u00e9rience des v\u00e9t\u00e9rans et de leur famille en relation avec le cannabis et la sant\u00e9 mentale &#183; Institut Atlas pour les v\u00e9t\u00e9rans et leur famille","robots":{"index":"index","follow":"follow","max-snippet":"max-snippet:-1","max-image-preview":"max-image-preview:large","max-video-preview":"max-video-preview:-1"},"canonical":"https:\/\/atlasveterans.ca\/fr\/centre-de-connaissances\/serie-de-dialogues-sur-le-cannabis-et-la-sante-mentale-reflexions-sur-lexperience-des-veterans-et-de-leur-famille-en-relation-avec-le-cannabis-et-la-sante-mentale\/","og_locale":"fr_FR","og_type":"article","og_title":"S\u00e9rie de dialogues sur le cannabis et la sant\u00e9 mentale : R\u00e9flexions sur l\u2019exp\u00e9rience des v\u00e9t\u00e9rans et de leur famille en relation avec le cannabis et la sant\u00e9 mentale &#183; Institut Atlas pour les v\u00e9t\u00e9rans et leur famille","og_description":"[vc_row row_padding_top=\u00a0\u00bbregular\u00a0\u00bb row_padding_bottom=\u00a0\u00bbextraSmall\u00a0\u00bb full_width=\u00a0\u00bbstretch_row\u00a0\u00bb][vc_column][vc_column_text]Pour en savoir plus sur les exp\u00e9riences de la communaut\u00e9 des v\u00e9t\u00e9rans en mati\u00e8re de cannabis et de sant\u00e9 mentale, l\u2019Institut\u00a0Atlas, en partenariat avec la Commission de la sant\u00e9 mentale du Canada (CSMC), a organis\u00e9 une s\u00e9rie de dialogues virtuels explorant les priorit\u00e9s de recherche et les besoins en mati\u00e8re de connaissances...","og_url":"https:\/\/atlasveterans.ca\/fr\/centre-de-connaissances\/serie-de-dialogues-sur-le-cannabis-et-la-sante-mentale-reflexions-sur-lexperience-des-veterans-et-de-leur-famille-en-relation-avec-le-cannabis-et-la-sante-mentale\/","og_site_name":"Institut Atlas pour les v\u00e9t\u00e9rans et leur famille","article_publisher":"https:\/\/www.facebook.com\/atlasveteransca","article_modified_time":"2025-10-29T13:48:52+00:00","og_image":[{"width":1600,"height":345,"url":"https:\/\/atlasveterans.ca\/wp-content\/uploads\/2022\/03\/atlas-hero-generic.jpg","type":"image\/jpeg"}],"twitter_card":"summary_large_image","twitter_site":"@atlasveteransca","twitter_misc":{"Dur\u00e9e de lecture estim\u00e9e":"4 minutes"},"schema":{"@context":"https:\/\/schema.org","@graph":[{"@type":"WebPage","@id":"https:\/\/atlasveterans.ca\/fr\/centre-de-connaissances\/serie-de-dialogues-sur-le-cannabis-et-la-sante-mentale-reflexions-sur-lexperience-des-veterans-et-de-leur-famille-en-relation-avec-le-cannabis-et-la-sante-mentale\/","url":"https:\/\/atlasveterans.ca\/fr\/centre-de-connaissances\/serie-de-dialogues-sur-le-cannabis-et-la-sante-mentale-reflexions-sur-lexperience-des-veterans-et-de-leur-famille-en-relation-avec-le-cannabis-et-la-sante-mentale\/","name":"S\u00e9rie de dialogues sur le cannabis et la sant\u00e9 mentale : R\u00e9flexions sur l\u2019exp\u00e9rience des v\u00e9t\u00e9rans et de leur famille en relation avec le cannabis et la sant\u00e9 mentale &#183; Institut Atlas pour les v\u00e9t\u00e9rans et leur famille","isPartOf":{"@id":"https:\/\/atlasveterans.ca\/fr\/#website"},"primaryImageOfPage":{"@id":"https:\/\/atlasveterans.ca\/fr\/centre-de-connaissances\/serie-de-dialogues-sur-le-cannabis-et-la-sante-mentale-reflexions-sur-lexperience-des-veterans-et-de-leur-famille-en-relation-avec-le-cannabis-et-la-sante-mentale\/#primaryimage"},"image":{"@id":"https:\/\/atlasveterans.ca\/fr\/centre-de-connaissances\/serie-de-dialogues-sur-le-cannabis-et-la-sante-mentale-reflexions-sur-lexperience-des-veterans-et-de-leur-famille-en-relation-avec-le-cannabis-et-la-sante-mentale\/#primaryimage"},"thumbnailUrl":"https:\/\/atlasveterans.ca\/wp-content\/uploads\/2022\/03\/atlas-hero-generic.jpg","datePublished":"2023-02-22T22:02:20+00:00","dateModified":"2025-10-29T13:48:52+00:00","breadcrumb":{"@id":"https:\/\/atlasveterans.ca\/fr\/centre-de-connaissances\/serie-de-dialogues-sur-le-cannabis-et-la-sante-mentale-reflexions-sur-lexperience-des-veterans-et-de-leur-famille-en-relation-avec-le-cannabis-et-la-sante-mentale\/#breadcrumb"},"inLanguage":"fr-FR","potentialAction":[{"@type":"ReadAction","target":["https:\/\/atlasveterans.ca\/fr\/centre-de-connaissances\/serie-de-dialogues-sur-le-cannabis-et-la-sante-mentale-reflexions-sur-lexperience-des-veterans-et-de-leur-famille-en-relation-avec-le-cannabis-et-la-sante-mentale\/"]}]},{"@type":"ImageObject","inLanguage":"fr-FR","@id":"https:\/\/atlasveterans.ca\/fr\/centre-de-connaissances\/serie-de-dialogues-sur-le-cannabis-et-la-sante-mentale-reflexions-sur-lexperience-des-veterans-et-de-leur-famille-en-relation-avec-le-cannabis-et-la-sante-mentale\/#primaryimage","url":"https:\/\/atlasveterans.ca\/wp-content\/uploads\/2022\/03\/atlas-hero-generic.jpg","contentUrl":"https:\/\/atlasveterans.ca\/wp-content\/uploads\/2022\/03\/atlas-hero-generic.jpg","width":1600,"height":345},{"@type":"BreadcrumbList","@id":"https:\/\/atlasveterans.ca\/fr\/centre-de-connaissances\/serie-de-dialogues-sur-le-cannabis-et-la-sante-mentale-reflexions-sur-lexperience-des-veterans-et-de-leur-famille-en-relation-avec-le-cannabis-et-la-sante-mentale\/#breadcrumb","itemListElement":[{"@type":"ListItem","position":1,"name":"Institut Atlas pour les v\u00e9t\u00e9rans et leur famille","item":"https:\/\/atlasveterans.ca\/fr\/"},{"@type":"ListItem","position":2,"name":"Centre de connaissances","item":"https:\/\/atlasveterans.ca\/fr\/centre-de-connaissances\/"},{"@type":"ListItem","position":3,"name":"S\u00e9rie de dialogues sur le cannabis et la sant\u00e9 mentale : R\u00e9flexions sur l\u2019exp\u00e9rience des v\u00e9t\u00e9rans et de leur famille en relation avec le cannabis et la sant\u00e9 mentale"}]},{"@type":"WebSite","@id":"https:\/\/atlasveterans.ca\/fr\/#website","url":"https:\/\/atlasveterans.ca\/fr\/","name":"Institut Atlas pour les v\u00e9t\u00e9rans et leur famille","description":"Get resources, find support","publisher":{"@id":"https:\/\/atlasveterans.ca\/fr\/#organization"},"potentialAction":[{"@type":"SearchAction","target":{"@type":"EntryPoint","urlTemplate":"https:\/\/atlasveterans.ca\/fr\/?s={search_term_string}"},"query-input":{"@type":"PropertyValueSpecification","valueRequired":true,"valueName":"search_term_string"}}],"inLanguage":"fr-FR"},{"@type":"Organization","@id":"https:\/\/atlasveterans.ca\/fr\/#organization","name":"Atlas Institute For Veterans and Families","url":"https:\/\/atlasveterans.ca\/fr\/","logo":{"@type":"ImageObject","inLanguage":"fr-FR","@id":"https:\/\/atlasveterans.ca\/fr\/#\/schema\/logo\/image\/","url":"https:\/\/atlasveterans.ca\/wp-content\/uploads\/2022\/03\/logo-withbg-eng-1.jpg","contentUrl":"https:\/\/atlasveterans.ca\/wp-content\/uploads\/2022\/03\/logo-withbg-eng-1.jpg","width":800,"height":400,"caption":"Atlas Institute For Veterans and Families"},"image":{"@id":"https:\/\/atlasveterans.ca\/fr\/#\/schema\/logo\/image\/"},"sameAs":["https:\/\/www.facebook.com\/atlasveteransca","https:\/\/x.com\/atlasveteransca","https:\/\/www.instagram.com\/atlasveteransca\/","https:\/\/www.linkedin.com\/company\/atlasveteransca\/","https:\/\/www.youtube.com\/atlasveteransca"]}]}},"_links":{"self":[{"href":"https:\/\/atlasveterans.ca\/fr\/wp-json\/wp\/v2\/pages\/11100","targetHints":{"allow":["GET"]}}],"collection":[{"href":"https:\/\/atlasveterans.ca\/fr\/wp-json\/wp\/v2\/pages"}],"about":[{"href":"https:\/\/atlasveterans.ca\/fr\/wp-json\/wp\/v2\/types\/page"}],"author":[{"embeddable":true,"href":"https:\/\/atlasveterans.ca\/fr\/wp-json\/wp\/v2\/users\/3"}],"replies":[{"embeddable":true,"href":"https:\/\/atlasveterans.ca\/fr\/wp-json\/wp\/v2\/comments?post=11100"}],"version-history":[{"count":1,"href":"https:\/\/atlasveterans.ca\/fr\/wp-json\/wp\/v2\/pages\/11100\/revisions"}],"predecessor-version":[{"id":27246,"href":"https:\/\/atlasveterans.ca\/fr\/wp-json\/wp\/v2\/pages\/11100\/revisions\/27246"}],"up":[{"embeddable":true,"href":"https:\/\/atlasveterans.ca\/fr\/wp-json\/wp\/v2\/pages\/1764"}],"wp:featuredmedia":[{"embeddable":true,"href":"https:\/\/atlasveterans.ca\/fr\/wp-json\/wp\/v2\/media\/2290"}],"wp:attachment":[{"href":"https:\/\/atlasveterans.ca\/fr\/wp-json\/wp\/v2\/media?parent=11100"}],"wp:term":[{"taxonomy":"category","embeddable":true,"href":"https:\/\/atlasveterans.ca\/fr\/wp-json\/wp\/v2\/categories?post=11100"},{"taxonomy":"post_tag","embeddable":true,"href":"https:\/\/atlasveterans.ca\/fr\/wp-json\/wp\/v2\/tags?post=11100"}],"curies":[{"name":"wp","href":"https:\/\/api.w.org\/{rel}","templated":true}]}}